{"id":2825,"date":"2026-03-11T11:03:40","date_gmt":"2026-03-11T10:03:40","guid":{"rendered":"https:\/\/comgregacat.net\/?page_id=2825"},"modified":"2026-03-11T11:19:00","modified_gmt":"2026-03-11T10:19:00","slug":"boletin-marzo-2026","status":"publish","type":"page","link":"https:\/\/comgregacat.net\/ca\/boletin-marzo-2026\/","title":{"rendered":"Butllet\u00ed mar\u00e7 2026"},"content":{"rendered":"<strong>QUOTA DE MEMBRES DE LA COMUNITAT 2026<\/strong><br \/>\nUs recordem fer l\u2019ingr\u00e9s de la vostra quota anual corresponent a l\u2019any 2026. Les fam\u00edlies que<br \/>\nvan pagar la seva quota al setembre o a l\u2019octubre, a l\u2019inici del curs escolar, no cal que paguin<br \/>\nara, ja que el pagament \u00e9s v\u00e0lid fins a l\u2019inici del proper curs escolar.<br \/>\nLa quota anual dels membres de la nostra comunitat \u00e9s de <strong>70 \u20ac per a tota la fam\u00edlia<\/strong> i de <strong>35 \u20ac<\/strong><br \/>\n<strong>per a joves fins a 35 anys i estudiants<\/strong>. Amb aquests diners es cobreixen les despeses fixes de<br \/>\nla comunitat (lloguer, factures, etc.). Tamb\u00e9 ens dona la possibilitat d\u2019organitzar m\u00e9s<br \/>\nesdeveniments i activitats. A les activitats, els membres de la comunitat gaudeixen d\u2019un <strong>preu<\/strong><br \/>\n<strong>especial m\u00e9s econ\u00f2mic<\/strong>.<br \/>\nEl n\u00famero de compte bancari on podeu fer l\u2019ingr\u00e9s \u00e9s el seg\u00fcent: <strong>COMUNITAT GREGA DE<\/strong><br \/>\n<strong>CATALUNYA<\/strong><br \/>\n<strong>BBVA<\/strong><br \/>\n<strong>IBAN<\/strong>: ES43 0182 1017 12 0201516493<br \/>\nEn el <strong>concepte<\/strong>, si us plau indiqueu: <strong>QUOTA<\/strong> i el vostre <strong>COGNOM<\/strong>.<\/p>\n<p>&nbsp;<\/p>\n<p><strong>FESTA DE LA PASQUA GREGA<\/strong><\/p>\n<p>Aquest any, el <strong>Diumenge de Pasqua, 12 d\u2019abril a les 13.00<\/strong>, es celebrar\u00e0 la <strong>Pasqua<\/strong><br \/>\n<strong>Grega<\/strong> al restaurant <strong>Masia Bou<\/strong>, situat a la ciutat de <strong>Valls<\/strong>, a la comarca de l\u2019<strong>Alt Camp<\/strong>,<br \/>\nTarragona (Crta. Lleida, Km 21,5, 43800 Valls, Tarragona):<br \/>\nhttps:\/\/maps.app.goo.gl\/pGRk9KvaGqbqawmG6<br \/>\nPer facilitar el despla\u00e7ament fins a la Masia, la Comunitat posar\u00e0 <strong>transport gratu\u00eft amb<\/strong><br \/>\n<strong>autob\u00fas<\/strong> per a tots els nens i tamb\u00e9 per als membres adults que hagin pagat la quota<br \/>\ndel 2026. Per a la resta d\u2019adults, el preu del transport (anada i tornada a la Masia) \u00e9s<br \/>\nde <strong>15 \u20ac per persona<\/strong>. L\u2019import es pagar\u00e0 <strong>dins de l\u2019autob\u00fas NOM\u00c9S EN EFECTIU<\/strong>.<br \/>\nLa sortida ser\u00e0 des de Barcelona a les <strong>11.00 h<\/strong>. A la tornada, est\u00e0 previst que l\u2019autob\u00fas<br \/>\narribi a Barcelona a les <strong>20.00 h<\/strong>. M\u00e9s detalls sobre l\u2019autob\u00fas s\u2019anunciaran<br \/>\nproperament.<br \/>\nLes persones que vulgueu anar fins al lloc amb l\u2019autob\u00fas haureu de posar-vos en<br \/>\ncontacte amb nosaltres als tel\u00e8fons <strong>649 47 24 52<\/strong> o <strong>606 55 31 97<\/strong>.<br \/>\nPer a aquells que preferiu despla\u00e7ar-vos amb cotxe, us informem que la dist\u00e0ncia de<br \/>\n<strong>Barcelona a Valls<\/strong> \u00e9s d\u2019uns <strong>100 quil\u00f2metres (80-90 minuts aproximadament)<\/strong>:<br \/>\nhttps:\/\/maps.app.goo.gl\/pGRk9KvaGqbqawmG6<\/p>\n<p><strong>PREU DEL MEN\u00da<\/strong><\/p>\n<p><strong>NO MEMBRES:<\/strong><br \/>\n<strong>Adults<\/strong>:<br \/>\nMen\u00fa amb carn: <strong>43 \u20ac<\/strong><br \/>\nMen\u00fa vegetari\u00e0: <strong>26 \u20ac<\/strong><br \/>\nMen\u00fa infantil: <strong>15 \u20ac<\/strong><\/p>\n<p><strong>PREU REDU\u00cfT PER ALS MEMBRES DE LA COMUNITAT<\/strong><br \/>\nPer als adults membres de la Comunitat que hagin pagat la<br \/>\nquota del 2026, estudiants universitaris i estudiants Erasmus:<br \/>\nMen\u00fa amb carn: <strong>37 \u20ac<\/strong><br \/>\nMen\u00fa vegetari\u00e0: <strong>22 \u20ac<\/strong><br \/>\nMen\u00fa infantil: <strong>15 \u20ac<\/strong><\/p>\n<p><strong>DETALLS DEL MEN\u00da<\/strong><br \/>\n<strong>MEN\u00da PER A ADULTS:<\/strong><br \/>\n<strong>Primer plat<\/strong><br \/>\nSalses gregues: tzatziki, amanida d\u2019alberg\u00ednia<br \/>\nAmanida amb formatge de cabra<br \/>\no<br \/>\nEscalivada amb tonyina i anxoves<br \/>\n<strong>Segon plat<\/strong><br \/>\nXai al forn amb patates amb llimona<br \/>\n<strong>Postres<\/strong><br \/>\nCrema catalana<br \/>\no<br \/>\nPast\u00eds de xocolata<br \/>\n<strong>Inclou<\/strong><br \/>\nPa de pag\u00e8s<br \/>\nVi negre o vi blanc o 1 cervesa<br \/>\nAigua<br \/>\nCaf\u00e8<br \/>\nGaletes tradicionals (kulurakia) i ous de pasqua vermells<\/p>\n<p>&nbsp;<\/p>\n<p><strong>MEN\u00da PER A VEGETARIANS:<\/strong><br \/>\n<strong>Primer plat<\/strong><br \/>\nAmanida verda<br \/>\no<br \/>\nAmanida de mongetes<br \/>\n<strong>Segon plat<\/strong><br \/>\nVerdures a la brasa<br \/>\n<strong>Postres<\/strong><br \/>\nFruita de temporada<br \/>\n<strong>Inclou<\/strong><br \/>\nPa de pag\u00e8s<br \/>\nVi negre o vi blanc o 1 cervesa<br \/>\nAigua<br \/>\nCaf\u00e8<br \/>\nGaletes tradicionals (kulurakia) i ous vermells de pasqua<\/p>\n<p>&nbsp;<\/p>\n<p><strong>MEN\u00da INFANTIL:<\/strong><br \/>\n<strong>Primer plat<\/strong><br \/>\nSalses gregues: tzatziki i salsa d\u2019alberg\u00ednia<br \/>\n<strong>Plat combinat<\/strong><br \/>\nMacarrons, patates fregides i escalopa de pollastre<br \/>\n<strong>Postres<\/strong><br \/>\nGelat<br \/>\n<strong>Inclou<\/strong><br \/>\nPa de pag\u00e8s<br \/>\nAigua i refresc<br \/>\nGaletes tradicionals (kulurakia) i ous vermells de pasqua<\/p>\n<p>Aquest any, a causa de la manca de persones per encarregar-se del rostit, <strong>no hi haur\u00e0<\/strong><br \/>\n<strong>xai a l\u2019ast<\/strong>. Hi haur\u00e0 m\u00fasica, ball i un espai obert perqu\u00e8 els nens puguin jugar.<\/p>\n<p>L\u2019esdeveniment es dur\u00e0 a terme a l\u2019<strong>aire lliure o en un espai cobert<\/strong>, segons les<br \/>\ncondicions meteorol\u00f2giques d\u2019aquell dia.<br \/>\nAmb molta il\u00b7lusi\u00f3 us convidem i us animem a tots a participar en l\u2019esdeveniment!!<br \/>\n<strong>A CAUSA DEL TEMPS LIMITAT DISPONIBLE FINS A L\u2019ESDEVENIMENT, US DEMANEM<\/strong><br \/>\n<strong>QUE CONFIRMEU LA VOSTRA PARTICIPACI\u00d3 FINS DIMECRES 1 D\u2019ABRIL.<\/strong><br \/>\n<strong>Dades per a la transfer\u00e8ncia banc\u00e0ria:<\/strong><br \/>\n\u2022 <strong>BANC<\/strong>: COMUNITAT GREGA DE CATALUNYA \u2013 BBVA<br \/>\nIBAN: ES43 0182 1017 12 0201516493<br \/>\n\u2022 Si us plau, no oblideu indicar al <strong>concepte<\/strong> de la transfer\u00e8ncia \u201c<strong>Pascua<\/strong>\u201d i el vostre<br \/>\n<strong>cognom<\/strong>.<br \/>\n\u2022 A continuaci\u00f3, us demanem que <strong>envieu el justificant de la transfer\u00e8ncia per correu<\/strong><br \/>\n<strong>electr\u00f2nic<\/strong> a:<br \/>\ncomgriegabcn@gmail.com, indicant:<\/p>\n<ul>\n<li>Nom i cognoms<\/li>\n<li>Nombre de participants<\/li>\n<li>Men\u00fa i plats escollits<\/li>\n<\/ul>\n<p>Us agrairem que <strong>confirmeu la vostra participaci\u00f3 tan aviat com sigui possible i no a<\/strong><br \/>\n<strong>\u00faltima hora<\/strong>.<\/p>\n<p>&nbsp;<\/p>\n<p><strong>Agra\u00efments FESTA<\/strong><br \/>\nLa Comunitat Grega de Catalunya voldria expressar el seu m\u00e9s sincer agra\u00efment a tots<br \/>\naquells que van contribuir a la realitzaci\u00f3 de la bonica celebraci\u00f3 del 22 de febrer a<br \/>\nCotxeres de Sants.<br \/>\nAgra\u00efm especialment als professors i tamb\u00e9 als alumnes del TEG per la meravellosa<br \/>\nfesta que ens van presentar. Un gran agra\u00efment als restaurants Dionysos per la<br \/>\ncoorganitzaci\u00f3 i la col\u00b7laboraci\u00f3 que vam tenir, aix\u00ed com als m\u00fasics que, amb el seu<br \/>\nentusiasme i la seva m\u00fasica, van crear una atmosfera c\u00e0lida i alegre, regalant-nos una<br \/>\ncelebraci\u00f3 realment bonica.<br \/>\nTamb\u00e9 voldr\u00edem agrair molt sincerament a tots els voluntaris, aix\u00ed com als pares i<br \/>\nmares que van oferir el seu temps i la seva ajuda per fer possible aquesta festa.<br \/>\nLa participaci\u00f3 i el suport de tots vosaltres fan que la nostra comunitat sigui m\u00e9s forta i<br \/>\nm\u00e9s viva.<\/p>\n<p>&nbsp;<\/p>\n<p><strong>FESTA NACIONAL DE 25 DE MAR\u00c7<\/strong><br \/>\nAmb motiu del 205\u00e8 aniversari de la Revoluci\u00f3 Grega de 1821, al TEG de Barcelona els<br \/>\nalumnes els pr\u00f2xims dies coneixeran els moments m\u00e9s importants de la lluita del poble<br \/>\ngrec per la llibertat a trav\u00e9s de v\u00eddeos, dramatitzacions i can\u00e7ons.<br \/>\nAquest dia \u00e9s una oportunitat per recordar els sacrificis i el coratge dels lluitadors de la<br \/>\nrevoluci\u00f3, que van lluitar per la llibertat, la dignitat i l\u2019autodeterminaci\u00f3.<br \/>\nLa hist\u00f2ria de 1821 continua inspirant-nos i recordant-nos la import\u00e0ncia dels valors de<br \/>\nla llibertat, la unitat i la just\u00edcia.","protected":false},"excerpt":{"rendered":"<p>QUOTA DE MEMBRES DE LA COMUNITAT 2026 Us recordem fer l\u2019ingr\u00e9s de la vostra quota anual corresponent a l\u2019any 2026. Les fam\u00edlies que van pagar la seva quota al setembre o a l\u2019octubre, a l\u2019inici del curs escolar, no cal que paguin ara, ja que el pagament \u00e9s v\u00e0lid fins a l\u2019inici del proper curs&hellip;<\/p>\n","protected":false},"author":6,"featured_media":0,"parent":0,"menu_order":0,"comment_status":"closed","ping_status":"closed","template":"","meta":{"nf_dc_page":"","footnotes":""},"class_list":["post-2825","page","type-page","status-publish","hentry"],"_links":{"self":[{"href":"https:\/\/comgregacat.net\/ca\/wp-json\/wp\/v2\/pages\/2825","targetHints":{"allow":["GET"]}}],"collection":[{"href":"https:\/\/comgregacat.net\/ca\/wp-json\/wp\/v2\/pages"}],"about":[{"href":"https:\/\/comgregacat.net\/ca\/wp-json\/wp\/v2\/types\/page"}],"author":[{"embeddable":true,"href":"https:\/\/comgregacat.net\/ca\/wp-json\/wp\/v2\/users\/6"}],"replies":[{"embeddable":true,"href":"https:\/\/comgregacat.net\/ca\/wp-json\/wp\/v2\/comments?post=2825"}],"version-history":[{"count":5,"href":"https:\/\/comgregacat.net\/ca\/wp-json\/wp\/v2\/pages\/2825\/revisions"}],"predecessor-version":[{"id":2849,"href":"https:\/\/comgregacat.net\/ca\/wp-json\/wp\/v2\/pages\/2825\/revisions\/2849"}],"wp:attachment":[{"href":"https:\/\/comgregacat.net\/ca\/wp-json\/wp\/v2\/media?parent=2825"}],"curies":[{"name":"wp","href":"https:\/\/api.w.org\/{rel}","templated":true}]}}